{"id":4351,"date":"2026-03-31T07:15:51","date_gmt":"2026-03-31T05:15:51","guid":{"rendered":"https:\/\/zd-lendava.si\/?post_type=tender&#038;p=4351"},"modified":"2026-04-01T20:00:16","modified_gmt":"2026-04-01T18:00:16","slug":"nyilvanos-palyazati-felhivas-a-lendvai-egeszseghaz-kozegeszsegugyi-intezmeny-igazgatojanak-kinevezesere-negyeves-idotartamra","status":"publish","type":"tender","link":"https:\/\/zd-lendava.si\/hu\/palyazat\/nyilvanos-palyazati-felhivas-a-lendvai-egeszseghaz-kozegeszsegugyi-intezmeny-igazgatojanak-kinevezesere-negyeves-idotartamra\/","title":{"rendered":"Nyilv\u00e1nos p\u00e1ly\u00e1zati felh\u00edv\u00e1s a Lendvai Eg\u00e9szs\u00e9gh\u00e1z k\u00f6zeg\u00e9szs\u00e9g\u00fcgyi int\u00e9zm\u00e9ny igazgat\u00f3j\u00e1nak kinevez\u00e9s\u00e9re n\u00e9gy\u00e9ves id\u0151tartamra"},"content":{"rendered":"\n<p>Az Eg\u00e9szs\u00e9gh\u00e1z Lendva Tan\u00e1csa a Az int\u00e9zm\u00e9nyekr\u0151l sz\u00f3l\u00f3 t\u00f6rv\u00e9ny (SzK Hivatalos lapja, 12\/91., 8\/96., 36\/00 sz.\u2013 ZPDZC \u00e9s 127\/06 sz. \u2013 ZJZP) 35. cikkelye, valamint Az eg\u00e9szs\u00e9g\u00fcgyi tev\u00e9kenys\u00e9gr\u0151l sz\u00f3l\u00f3 t\u00f6rv\u00e9ny (SzK Hivatalos lapja, 23\/05 \u2013 egys\u00e9ges szerkezetbe foglalt hivatalos sz\u00f6veg, 15\/08 sz. \u2013 ZPacP, 23\/08 sz., 58\/08 sz. \u2013 ZZdrS-E, 77\/08 sz. \u2013 ZDZdr, 40\/12 sz. \u2013 ZUJF, 14\/13 sz., 88\/16 sz. \u2013 ZdZPZD, 64\/17 sz., 1\/19 sz. Alkotm\u00e1nyb\u00edr\u00f3s\u00e1gi hat\u00e1rozat, 73\/19 sz., 82\/20 sz., 152\/20 sz. \u2013 ZZUOOP, 203\/20 sz. \u2013 ZIUPOPDVE, 112\/21 sz.\u2013 ZNUPZ, 196\/21 sz. \u2013 ZDOsk, 100\/22 sz. \u2013 ZNUZSZS, 132\/22 sz.\u2013 Alkotm\u00e1nyb\u00edr\u00f3s\u00e1gi hat\u00e1rozat, 141\/22 sz. \u2013 ZNUNBZ, 14\/23 sz. Alkotm\u00e1nyb\u00edr\u00f3s\u00e1gi hat\u00e1rozat, 84\/23 sz. \u2013 ZDOsk-1, 102\/24 sz. \u2013 ZZKZ, 32\/25 sz. \u00e9s 112\/25 sz. Alkotm\u00e1nyb\u00edr\u00f3s\u00e1gi hat\u00e1rozat) 29. cikkelye, valamint Az eg\u00e9szs\u00e9g\u00fcgy ter\u00fclet\u00e9n alkalmazand\u00f3 kieg\u00e9sz\u00edt\u0151 beavatkoz\u00e1si int\u00e9zked\u00e9sekr\u0151l sz\u00f3l\u00f3 t\u00f6rv\u00e9ny (SzK Hivatalos lapja, 111\/25. sz.) 10. cikkelye, valamint az int\u00e9zm\u00e9ny Tan\u00e1csa 2026. m\u00e1rcius 19-i hat\u00e1rozat\u00e1nak megfelel\u0151en p\u00e1ly\u00e1zatot hirdet:<\/p>\n\n\n\n<p><strong>AZ EG\u00c9SZS\u00c9GH\u00c1Z LENDVA K\u00d6ZEG\u00c9SZS\u00c9G\u00dcGYI INT\u00c9ZET<\/strong><\/p>\n\n\n\n<p><strong>IGAZGAT\u00d3JA<\/strong><\/p>\n\n\n\n<p><strong>munkahely bet\u00f6lt\u00e9s\u00e9re.<\/strong><\/p>\n\n\n\n<p>A p\u00e1ly\u00e1z\u00f3nak a t\u00f6rv\u00e9nyekben meghat\u00e1rozott \u00e1ltal\u00e1nos felt\u00e9telek mellett a k\u00f6vetkez\u0151 felt\u00e9teleknek kell eleget tennie:<\/p>\n\n\n\n<ol class=\"wp-block-list\">\n<li>szlov\u00e9n nyelvtud\u00e1ssal rendelkezik, amely a K\u00f6z\u00f6s Eur\u00f3pai Nyelvi Referenciakeret szintjei szerint legal\u00e1bb a B2 szintnek felel meg, amit a Szlov\u00e9n K\u00f6zt\u00e1rsas\u00e1gban legal\u00e1bb k\u00f6z\u00e9piskolai szint\u0171 szlov\u00e9n nyelv\u0171 tanulm\u00e1nyok elv\u00e9gz\u00e9s\u00e9r\u0151l sz\u00f3l\u00f3 bizony\u00edtv\u00e1nnyal, illetve a Szlov\u00e9n K\u00f6zt\u00e1rsas\u00e1gban vagy k\u00fclf\u00f6ld\u00f6n m\u0171k\u00f6d\u0151 olyan \u00e1llami fels\u0151oktat\u00e1si int\u00e9zm\u00e9ny \u00e1ltal ki\u00e1ll\u00edtott bizony\u00edtv\u00e1nnyal igazol, amely szlov\u00e9n nyelvet m\u00e1sodik vagy idegen nyelvk\u00e9nt tan\u00edt \u00e9s vizsg\u00e1ztat, a szlov\u00e9n nyelvtud\u00e1sr\u00f3l sz\u00f3l\u00f3 vizsga sikeres let\u00e9tel\u00e9r\u0151l,<\/li>\n\n\n\n<li>legal\u00e1bb \u00f6t \u00e9v szakmai tapasztalattal rendelkezik, ebb\u0151l legal\u00e1bb h\u00e1rom \u00e9vet vezet\u0151i vagy ir\u00e1ny\u00edt\u00f3 beoszt\u00e1sban t\u00f6lt\u00f6tt,<\/li>\n\n\n\n<li>a k\u00f6zeg\u00e9szs\u00e9g\u00fcgyi int\u00e9zm\u00e9ny szervez\u00e9s\u00e9vel, vezet\u00e9s\u00e9vel, gazd\u00e1lkod\u00e1s\u00e1val \u00e9s m\u0171k\u00f6dtet\u00e9s\u00e9vel kapcsolatos szakmai ismeretekkel rendelkezik, amit az eg\u00e9szs\u00e9g\u00fcgyi menedzsment ter\u00fclet\u00e9n k\u00e9pz\u00e9st ny\u00fajt\u00f3 szervezet \u00e1ltal ki\u00e1ll\u00edtott igazol\u00e1ssal igazol, amelyben a k\u00e9pz\u00e9s megfelel\u0151s\u00e9g\u00e9t, tartalm\u00e1t \u00e9s id\u0151tartam\u00e1t tekintve az eg\u00e9szs\u00e9g\u00fcgy\u00e9rt felel\u0151s miniszt\u00e9rium hat\u00e1rozat\u00e1val igazolja, \u00e9s amelyet a kiv\u00e1lasztott jel\u00f6lt a kiv\u00e1laszt\u00e1si hat\u00e1rozat meghozatal\u00e1t\u00f3l sz\u00e1m\u00edtott 12 h\u00f3napon bel\u00fcl ny\u00fajthatja be. Az el\u0151z\u0151 mondatban eml\u00edtett igazol\u00e1snak min\u0151s\u00fcl az olyan fels\u0151oktat\u00e1si int\u00e9zm\u00e9ny igazol\u00e1sa is, amelynek a Szlov\u00e9n K\u00f6zt\u00e1rsas\u00e1gban akkredit\u00e1lt eg\u00e9szs\u00e9g\u00fcgyi menedzsment szakir\u00e1ny\u00fa tanulm\u00e1nyi programja van, valamint az olyan fels\u0151oktat\u00e1si int\u00e9zm\u00e9ny igazol\u00e1sa, amelynek egy m\u00e1sik orsz\u00e1gban akkredit\u00e1lt vagy megfelel\u0151en elismert eg\u00e9szs\u00e9g\u00fcgyi menedzsment szakir\u00e1ny\u00fa tanulm\u00e1nyi programja van,<\/li>\n\n\n\n<li>m\u00e1sodfok\u00fa fels\u0151oktat\u00e1si k\u00e9pz\u00e9sben szerzett v\u00e9gzetts\u00e9ggel rendelkezik, vagy olyan v\u00e9gzetts\u00e9ggel, amely megfelel a m\u00e1sodfok\u00fa fels\u0151oktat\u00e1si k\u00e9pz\u00e9sekben szerzett v\u00e9gzetts\u00e9g szintj\u00e9nek, \u00e9s a szlov\u00e9n k\u00e9pes\u00edt\u00e9si keretrendszert szab\u00e1lyoz\u00f3 t\u00f6rv\u00e9ny szerint legal\u00e1bb a 8. k\u00e9pz\u00e9si szintbe sorolhat\u00f3,<\/li>\n\n\n\n<li>nem \u00edt\u00e9lt\u00e9k el joger\u0151sen, illetve ellene nem ny\u00fajtottak be joger\u0151s v\u00e1diratot, vagy v\u00e1demel\u00e9s alapj\u00e1n nem t\u0171zt\u00e9k ki a t\u00e1rgyal\u00e1st gazdas\u00e1gi b\u0171ncselekm\u00e9ny, jogi forgalom elleni b\u0171ncselekm\u00e9ny vagy hivatali k\u00f6teless\u00e9g megszeg\u00e9se miatti b\u0171ncselekm\u00e9ny \u00fcgy\u00e9ben,<\/li>\n\n\n\n<li>nem eg\u00e9szs\u00e9g\u00fcgyi szolg\u00e1ltat\u00f3, \u00e9s nem rendelkezik Az eg\u00e9szs\u00e9g\u00fcgyi szolg\u00e1ltat\u00e1sokr\u00f3l sz\u00f3l\u00f3 t\u00f6rv\u00e9ny (ZZDej) 53. b. cikkelye els\u0151 bekezd\u00e9s\u00e9ben meghat\u00e1rozott eg\u00e9szs\u00e9g\u00fcgyi szolg\u00e1ltat\u00e1sok ny\u00fajt\u00e1s\u00e1ra vonatkoz\u00f3 j\u00f3v\u00e1hagy\u00e1ssal, illetve a koncesszi\u00f3s jogosultn\u00e1l r\u00e9szmunkaid\u0151s (bele\u00e9rtve a kieg\u00e9sz\u00edt\u0151 munk\u00e1t is) munkaszerz\u0151d\u00e9s megk\u00f6t\u00e9s\u00e9re vonatkoz\u00f3 j\u00f3v\u00e1hagy\u00e1ssal,<\/li>\n\n\n\n<li>nem rendelkezik r\u00e9szesed\u00e9ssel olyan jogi szem\u00e9lyben, amellyel az eg\u00e9szs\u00e9g\u00fcgyi k\u00f6zint\u00e9zm\u00e9ny \u00fczleti kapcsolatban \u00e1ll, vagy amely versenyt jelentene annak az eg\u00e9szs\u00e9g\u00fcgyi k\u00f6zint\u00e9zm\u00e9nynek, amelyben tiszts\u00e9get t\u00f6lt be,<\/li>\n\n\n\n<li>nem tagja m\u00e1s k\u00f6zint\u00e9zm\u00e9ny vagy gazdas\u00e1gi t\u00e1rsas\u00e1g vezet\u0151i, ir\u00e1ny\u00edt\u00f3 vagy fel\u00fcgyeleti szerv\u00e9nek,<\/li>\n\n\n\n<li>nem t\u00f6lt be vagy az elm\u00falt hat h\u00f3napban nem t\u00f6lt\u00f6tt be tiszts\u00e9get az eg\u00e9szs\u00e9g\u00fcgy\u00e9rt felel\u0151s miniszt\u00e9riumban, a Szlov\u00e9n K\u00f6zt\u00e1rsas\u00e1g Korm\u00e1ny\u00e1ban, a Szlov\u00e9n K\u00f6zt\u00e1rsas\u00e1g Orsz\u00e1ggy\u0171l\u00e9s\u00e9ben vagy abban a politikai p\u00e1rtban, amelynek tagjak\u00e9nt megv\u00e1lasztott\u00e1k, \u00e9s mand\u00e1tum\u00e1nak id\u0151tartama alatt nem az eg\u00e9szs\u00e9g\u00fcgyi \u00e1gazat szakszervezet\u00e9nek k\u00e9pvisel\u0151je,<\/li>\n\n\n\n<li>szem\u00e9lyes integrit\u00e1s \u00e9s \u00fczleti etika jellemzi, \u00e9s a Korrupci\u00f3megel\u0151z\u00e9si Bizotts\u00e1g joger\u0151s okirattal szem\u00e9ly\u00e9vel kapcsolatban nem \u00e1llap\u00edtott meg integrit\u00e1s megs\u00e9rt\u00e9s\u00e9t, ahogyan azt az integrit\u00e1sr\u00f3l \u00e9s a korrupci\u00f3 megel\u0151z\u00e9s\u00e9r\u0151l rendelkez\u0151 t\u00f6rv\u00e9ny meghat\u00e1rozza.<\/li>\n<\/ol>\n\n\n\n<p>A kiv\u00e1lasztott jel\u00f6lt teljes idej\u0171 munkaviszonyba ker\u00fcl, \u00e9s n\u00e9gy\u00e9ves mand\u00e1tumra nevezend\u0151 ki. A jelentkez\u00e9shez a jel\u00f6ltnek csatolnia kell \u00f6n\u00e9letrajz\u00e1t, munkaprogramj\u00e1t, valamint a k\u00f6zeg\u00e9szs\u00e9g\u00fcgyi int\u00e9zm\u00e9ny n\u00e9gy\u00e9ves mand\u00e1tumra sz\u00f3l\u00f3 fejleszt\u00e9si v\u00edzi\u00f3j\u00e1t \u00e9s strat\u00e9gi\u00e1j\u00e1t, tov\u00e1bb\u00e1 a fenti felt\u00e9telek teljes\u00edt\u00e9s\u00e9t igazol\u00f3 dokumentumokat.<\/p>\n\n\n\n<p>A jel\u00f6lt az 5., 6., 7., 8. \u00e9s 9. pontban szerepl\u0151 felt\u00e9teleket nyilatkozattal igazolja. A 10. pontban szerepl\u0151 felt\u00e9telt a nyilv\u00e1nos p\u00e1ly\u00e1zati elj\u00e1r\u00e1s keret\u00e9ben tartott interj\u00fa vagy szem\u00e9lyes bemutatkoz\u00e1s sor\u00e1n tett sz\u00f3beli nyilatkozattal igazolja.<\/p>\n\n\n\n<p>A p\u00e1ly\u00e1z\u00f3knak az \u00edr\u00e1sbeli jelentkez\u00e9s\u00fcket a p\u00e1ly\u00e1zati felt\u00e9telek teljes\u00edt\u00e9s\u00e9t igazol\u00f3 dokumentumokkal egy\u00fctt z\u00e1rt bor\u00edt\u00e9kban, a \u201eP\u00e1ly\u00e1zat igazgat\u00f3i poz\u00edci\u00f3ra \u2013 nem kinyitni\u201d felirattal \u00e9s az \u201eEg\u00e9szs\u00e9gh\u00e1z Lendva Tan\u00e1csa\u201d felirattal ell\u00e1tva kell elk\u00fcldeni\u00fck a k\u00f6vetkez\u0151 c\u00edmre: Eg\u00e9szs\u00e9gh\u00e1z Lendva, Kidri\u010d utca 34, 9220 Lendva c\u00edmre a p\u00e1ly\u00e1zati felh\u00edv\u00e1s k\u00f6zz\u00e9t\u00e9tel\u00e9t\u0151l sz\u00e1m\u00edtott 15 napon bel\u00fcl.<\/p>\n\n\n\n<p>A jel\u00f6lteket a p\u00e1ly\u00e1zati felh\u00edv\u00e1s k\u00f6zz\u00e9t\u00e9tel\u00e9t\u0151l sz\u00e1m\u00edtott 30 napon bel\u00fcl \u00e9rtes\u00edtik a kiv\u00e1laszt\u00e1sr\u00f3l.<\/p>\n\n\n\n<p>&nbsp;A mand\u00e1tum kezdete: 2026. m\u00e1jus 15.<\/p>\n\n\n\n<p>EH Lendva Tan\u00e1csa<\/p>\n","protected":false},"featured_media":0,"template":"","meta":{"_acf_changed":false,"footnotes":""},"tender_type":[],"class_list":["post-4351","tender","type-tender","status-publish","hentry"],"acf":[],"_links":{"self":[{"href":"https:\/\/zd-lendava.si\/hu\/wp-json\/wp\/v2\/tender\/4351","targetHints":{"allow":["GET"]}}],"collection":[{"href":"https:\/\/zd-lendava.si\/hu\/wp-json\/wp\/v2\/tender"}],"about":[{"href":"https:\/\/zd-lendava.si\/hu\/wp-json\/wp\/v2\/types\/tender"}],"version-history":[{"count":1,"href":"https:\/\/zd-lendava.si\/hu\/wp-json\/wp\/v2\/tender\/4351\/revisions"}],"predecessor-version":[{"id":4352,"href":"https:\/\/zd-lendava.si\/hu\/wp-json\/wp\/v2\/tender\/4351\/revisions\/4352"}],"wp:attachment":[{"href":"https:\/\/zd-lendava.si\/hu\/wp-json\/wp\/v2\/media?parent=4351"}],"wp:term":[{"taxonomy":"tender_type","embeddable":true,"href":"https:\/\/zd-lendava.si\/hu\/wp-json\/wp\/v2\/tender_type?post=4351"}],"curies":[{"name":"wp","href":"https:\/\/api.w.org\/{rel}","templated":true}]}}